{"id":11396,"date":"2016-06-20T12:13:17","date_gmt":"2016-06-20T12:13:17","guid":{"rendered":"http:\/\/www.generaciontempore.com\/?page_id=11396"},"modified":"2016-12-19T11:16:05","modified_gmt":"2016-12-19T11:16:05","slug":"home","status":"publish","type":"page","link":"https:\/\/www.generaciontempore.com\/es\/","title":{"rendered":"Home"},"content":{"rendered":"<p>[vc_row full_width=\u00bbstretch_row_content_no_spaces\u00bb el_class=\u00bbintro\u00bb][vc_column][vc_column_text]<\/p>\n<div class=\"container\">\n<h1>GENERACI\u00d3N es la capacidad de fusionar la inmensidad de lo vivido durante cuatro generaciones en una copa de vino.<\/h1>\n<\/div>\n<p>[\/vc_column_text][\/vc_column][\/vc_row][vc_row el_class=\u00bbour-wines-title\u00bb][vc_column][vc_custom_heading text=\u00bbLa mejor versi\u00f3n de nosotros mismos\u00bb font_container=\u00bbtag:h2|font_size:32|text_align:center|color:%23212120&#8243; use_theme_fonts=\u00bbyes\u00bb css=\u00bb.vc_custom_1468599471442{background-image: url(http:\/\/www.generaciontempore.com\/wp-content\/uploads\/2016\/06\/subtitle-1.png?id=11466) !important;}\u00bb][\/vc_column][\/vc_row][vc_row el_class=\u00bbour-wines\u00bb][vc_column width=\u00bb1\/4&#8243;][vc_row_inner el_class=\u00bbour-wines-col\u00bb][vc_column_inner el_class=\u00bbour-wines-left\u00bb width=\u00bb1\/2&#8243;][vc_single_image image=\u00bb12135&#8243; img_size=\u00bb92&#215;330&#8243; onclick=\u00bbcustom_link\u00bb link=\u00bbhttp:\/\/www.generaciontempore.com\/es\/vino-ecologico-tempranillo-generacion-76\/\u00bb][\/vc_column_inner][vc_column_inner el_class=\u00bbour-wines-right\u00bb width=\u00bb1\/2&#8243;][vc_column_text]<\/p>\n<h6 class=\"medium\"><a href=\"http:\/\/www.generaciontempore.com\/es\/vino-ecologico-tempranillo-generacion-76\/\"> <strong>GENERACI\u00d3N 76<\/strong> TEMPRANILLO<\/a><\/h6>\n<p>[\/vc_column_text][vc_column_text]<a href=\"http:\/\/www.generaciontempore.com\/es\/vino-ecologico-tempranillo-generacion-76\/\">En ocasiones te toman por loco pero, cuando crees en lo que haces, eres imparable.<\/a><\/p>\n<p><a class=\"link\" href=\"http:\/\/www.generaciontempore.com\/es\/vino-ecologico-tempranillo-generacion-76\/\">M\u00c1S INFORMACI\u00d3N<\/a>[\/vc_column_text][\/vc_column_inner][\/vc_row_inner][\/vc_column][vc_column width=\u00bb1\/4&#8243;][vc_row_inner el_class=\u00bbour-wines-col\u00bb][vc_column_inner el_class=\u00bbour-wines-left\u00bb width=\u00bb1\/2&#8243;][vc_single_image image=\u00bb12136&#8243; img_size=\u00bb92&#215;330&#8243; onclick=\u00bbcustom_link\u00bb link=\u00bbhttp:\/\/www.generaciontempore.com\/es\/vino-ecologico-garnacha-generacion-73\/\u00bb][\/vc_column_inner][vc_column_inner el_class=\u00bbour-wines-right\u00bb width=\u00bb1\/2&#8243;][vc_column_text]<\/p>\n<h6 class=\"medium\"><a href=\"http:\/\/www.generaciontempore.com\/es\/vino-ecologico-garnacha-generacion-73\/\"><strong>GENERACI\u00d3N 73<\/strong> GARNACHA<\/a><\/h6>\n<p>[\/vc_column_text][vc_column_text]<a href=\"http:\/\/www.generaciontempore.com\/es\/vino-ecologico-garnacha-generacion-73\/\">Volar, viajar, vivir otras vidas y volver. Volver a la tierra y dibujar un nuevo camino.<\/a><\/p>\n<p><a class=\"link\" href=\"http:\/\/www.generaciontempore.com\/es\/vino-ecologico-garnacha-generacion-73\/\">M\u00c1S INFORMACI\u00d3N<\/a>[\/vc_column_text][\/vc_column_inner][\/vc_row_inner][\/vc_column][vc_column width=\u00bb1\/4&#8243;][vc_row_inner el_class=\u00bbour-wines-col\u00bb][vc_column_inner el_class=\u00bbour-wines-left\u00bb width=\u00bb1\/2&#8243;][vc_single_image image=\u00bb12137&#8243; img_size=\u00bb92&#215;330&#8243; onclick=\u00bbcustom_link\u00bb link=\u00bbhttp:\/\/www.generaciontempore.com\/es\/vino-ecologico-garnacha-tempranillo-generacion-46\/\u00bb][\/vc_column_inner][vc_column_inner el_class=\u00bbour-wines-right\u00bb width=\u00bb1\/2&#8243;][vc_column_text]<\/p>\n<h6 class=\"medium\"><a href=\"http:\/\/www.generaciontempore.com\/es\/vino-ecologico-garnacha-tempranillo-generacion-46\/\"><strong>GENERACI\u00d3N 46<\/strong>\u00a0GARNACHA\u00a0Y TEMPRANILLO<\/a><\/h6>\n<p>[\/vc_column_text][vc_column_text]<a href=\"http:\/\/www.generaciontempore.com\/es\/vino-ecologico-garnacha-tempranillo-generacion-46\/\">Arriesgar sin mirar atr\u00e1s, levantarse incansable tras cada ca\u00edda, decidido a forjar tu propio destino.<\/a><\/p>\n<p><a class=\"link\" href=\"http:\/\/www.generaciontempore.com\/es\/vino-ecologico-garnacha-tempranillo-generacion-46\/\">M\u00c1S INFORMACI\u00d3N<\/a>[\/vc_column_text][\/vc_column_inner][\/vc_row_inner][\/vc_column][vc_column width=\u00bb1\/4&#8243;][vc_row_inner el_class=\u00bbour-wines-col\u00bb][vc_column_inner el_class=\u00bbour-wines-left\u00bb width=\u00bb1\/2&#8243;][vc_single_image image=\u00bb12138&#8243; img_size=\u00bb92&#215;330&#8243; onclick=\u00bbcustom_link\u00bb link=\u00bbhttp:\/\/www.generaciontempore.com\/es\/vino-ecologico-garnacha-generacion-20\/\u00bb][\/vc_column_inner][vc_column_inner el_class=\u00bbour-wines-right\u00bb width=\u00bb1\/2&#8243;][vc_column_text]<\/p>\n<h6 class=\"medium\"><a href=\"http:\/\/www.generaciontempore.com\/es\/vino-ecologico-garnacha-generacion-20\/\"><strong>GENERACI\u00d3N 20<\/strong>GARNACHA<\/a><\/h6>\n<p>[\/vc_column_text][vc_column_text]<a href=\"http:\/\/Librar batallas y luchar por sobrevivir. Volver a empezar, con cicatrices en las manos y en el coraz\u00f3n. El origen de esta nueva GENERACI\u00d3N.\">Librar batallas y luchar por sobrevivir. Volver a empezar, con cicatrices en las manos y en el coraz\u00f3n. El origen de esta nueva GENERACI\u00d3N.<\/a><\/p>\n<p><a class=\"link\" href=\"http:\/\/www.generaciontempore.com\/es\/vino-ecologico-garnacha-generacion-20\/\">M\u00c1S INFORMACI\u00d3N<\/a>[\/vc_column_text][\/vc_column_inner][\/vc_row_inner][\/vc_column][\/vc_row]<\/p>\n","protected":false},"excerpt":{"rendered":"<p>[vc_row full_width=\u00bbstretch_row_content_no_spaces\u00bb el_class=\u00bbintro\u00bb][vc_column][vc_column_text] GENERACI\u00d3N es la capacidad de fusionar la inmensidad de lo vivido durante cuatro generaciones en una copa&#8230;<\/p>\n","protected":false},"author":1,"featured_media":0,"parent":0,"menu_order":0,"comment_status":"closed","ping_status":"closed","template":"","meta":{"footnotes":""},"yoast_head":"<!-- This site is optimized with the Yoast SEO plugin v23.1 - https:\/\/yoast.com\/wordpress\/plugins\/seo\/ -->\n<title>Vino Generaci\u00f3n. Vino Ecol\u00f3gico de Espa\u00f1a. Bodegas Tempore<\/title>\n<meta name=\"description\" content=\"Vino Generaci\u00f3n es un vino tinto ecol\u00f3gico hecho en Espa\u00f1a Spain con la uva garnacha y tempranillo. La mejor versi\u00f3n de Bodegas Tempore.\" \/>\n<meta name=\"robots\" content=\"index, follow, max-snippet:-1, max-image-preview:large, max-video-preview:-1\" \/>\n<link rel=\"canonical\" href=\"https:\/\/www.generaciontempore.com\/es\/\" \/>\n<meta property=\"og:locale\" content=\"es_ES\" \/>\n<meta property=\"og:type\" content=\"article\" \/>\n<meta property=\"og:title\" content=\"Vino Generaci\u00f3n. Vino Ecol\u00f3gico de Espa\u00f1a. Bodegas Tempore\" \/>\n<meta property=\"og:description\" content=\"Vino Generaci\u00f3n es un vino tinto ecol\u00f3gico hecho en Espa\u00f1a Spain con la uva garnacha y tempranillo. La mejor versi\u00f3n de Bodegas Tempore.\" \/>\n<meta property=\"og:url\" content=\"https:\/\/www.generaciontempore.com\/es\/\" \/>\n<meta property=\"og:site_name\" content=\"G.Tempore ES\" \/>\n<meta property=\"article:modified_time\" content=\"2016-12-19T11:16:05+00:00\" \/>\n<meta name=\"twitter:card\" content=\"summary_large_image\" \/>\n<meta name=\"twitter:label1\" content=\"Tiempo de lectura\" \/>\n\t<meta name=\"twitter:data1\" content=\"2 minutos\" \/>\n<script type=\"application\/ld+json\" class=\"yoast-schema-graph\">{\"@context\":\"https:\/\/schema.org\",\"@graph\":[{\"@type\":\"WebPage\",\"@id\":\"https:\/\/www.generaciontempore.com\/es\/\",\"url\":\"https:\/\/www.generaciontempore.com\/es\/\",\"name\":\"Vino Generaci\u00f3n. Vino Ecol\u00f3gico de Espa\u00f1a. Bodegas Tempore\",\"isPartOf\":{\"@id\":\"https:\/\/www.generaciontempore.com\/es\/#website\"},\"datePublished\":\"2016-06-20T12:13:17+00:00\",\"dateModified\":\"2016-12-19T11:16:05+00:00\",\"description\":\"Vino Generaci\u00f3n es un vino tinto ecol\u00f3gico hecho en Espa\u00f1a Spain con la uva garnacha y tempranillo. La mejor versi\u00f3n de Bodegas Tempore.\",\"breadcrumb\":{\"@id\":\"https:\/\/www.generaciontempore.com\/es\/#breadcrumb\"},\"inLanguage\":\"es\",\"potentialAction\":[{\"@type\":\"ReadAction\",\"target\":[\"https:\/\/www.generaciontempore.com\/es\/\"]}]},{\"@type\":\"BreadcrumbList\",\"@id\":\"https:\/\/www.generaciontempore.com\/es\/#breadcrumb\",\"itemListElement\":[{\"@type\":\"ListItem\",\"position\":1,\"name\":\"Portada\",\"item\":\"https:\/\/www.generaciontempore.com\/es\/\"},{\"@type\":\"ListItem\",\"position\":2,\"name\":\"Home\"}]},{\"@type\":\"WebSite\",\"@id\":\"https:\/\/www.generaciontempore.com\/es\/#website\",\"url\":\"https:\/\/www.generaciontempore.com\/es\/\",\"name\":\"G.Tempore ES\",\"description\":\"G.Tempore ES\",\"potentialAction\":[{\"@type\":\"SearchAction\",\"target\":{\"@type\":\"EntryPoint\",\"urlTemplate\":\"https:\/\/www.generaciontempore.com\/es\/?s={search_term_string}\"},\"query-input\":\"required name=search_term_string\"}],\"inLanguage\":\"es\"}]}<\/script>\n<!-- \/ Yoast SEO plugin. -->","yoast_head_json":{"title":"Vino Generaci\u00f3n. Vino Ecol\u00f3gico de Espa\u00f1a. Bodegas Tempore","description":"Vino Generaci\u00f3n es un vino tinto ecol\u00f3gico hecho en Espa\u00f1a Spain con la uva garnacha y tempranillo. La mejor versi\u00f3n de Bodegas Tempore.","robots":{"index":"index","follow":"follow","max-snippet":"max-snippet:-1","max-image-preview":"max-image-preview:large","max-video-preview":"max-video-preview:-1"},"canonical":"https:\/\/www.generaciontempore.com\/es\/","og_locale":"es_ES","og_type":"article","og_title":"Vino Generaci\u00f3n. Vino Ecol\u00f3gico de Espa\u00f1a. Bodegas Tempore","og_description":"Vino Generaci\u00f3n es un vino tinto ecol\u00f3gico hecho en Espa\u00f1a Spain con la uva garnacha y tempranillo. La mejor versi\u00f3n de Bodegas Tempore.","og_url":"https:\/\/www.generaciontempore.com\/es\/","og_site_name":"G.Tempore ES","article_modified_time":"2016-12-19T11:16:05+00:00","twitter_card":"summary_large_image","twitter_misc":{"Tiempo de lectura":"2 minutos"},"schema":{"@context":"https:\/\/schema.org","@graph":[{"@type":"WebPage","@id":"https:\/\/www.generaciontempore.com\/es\/","url":"https:\/\/www.generaciontempore.com\/es\/","name":"Vino Generaci\u00f3n. Vino Ecol\u00f3gico de Espa\u00f1a. Bodegas Tempore","isPartOf":{"@id":"https:\/\/www.generaciontempore.com\/es\/#website"},"datePublished":"2016-06-20T12:13:17+00:00","dateModified":"2016-12-19T11:16:05+00:00","description":"Vino Generaci\u00f3n es un vino tinto ecol\u00f3gico hecho en Espa\u00f1a Spain con la uva garnacha y tempranillo. La mejor versi\u00f3n de Bodegas Tempore.","breadcrumb":{"@id":"https:\/\/www.generaciontempore.com\/es\/#breadcrumb"},"inLanguage":"es","potentialAction":[{"@type":"ReadAction","target":["https:\/\/www.generaciontempore.com\/es\/"]}]},{"@type":"BreadcrumbList","@id":"https:\/\/www.generaciontempore.com\/es\/#breadcrumb","itemListElement":[{"@type":"ListItem","position":1,"name":"Portada","item":"https:\/\/www.generaciontempore.com\/es\/"},{"@type":"ListItem","position":2,"name":"Home"}]},{"@type":"WebSite","@id":"https:\/\/www.generaciontempore.com\/es\/#website","url":"https:\/\/www.generaciontempore.com\/es\/","name":"G.Tempore ES","description":"G.Tempore ES","potentialAction":[{"@type":"SearchAction","target":{"@type":"EntryPoint","urlTemplate":"https:\/\/www.generaciontempore.com\/es\/?s={search_term_string}"},"query-input":"required name=search_term_string"}],"inLanguage":"es"}]}},"_links":{"self":[{"href":"https:\/\/www.generaciontempore.com\/es\/wp-json\/wp\/v2\/pages\/11396"}],"collection":[{"href":"https:\/\/www.generaciontempore.com\/es\/wp-json\/wp\/v2\/pages"}],"about":[{"href":"https:\/\/www.generaciontempore.com\/es\/wp-json\/wp\/v2\/types\/page"}],"author":[{"embeddable":true,"href":"https:\/\/www.generaciontempore.com\/es\/wp-json\/wp\/v2\/users\/1"}],"replies":[{"embeddable":true,"href":"https:\/\/www.generaciontempore.com\/es\/wp-json\/wp\/v2\/comments?post=11396"}],"version-history":[{"count":21,"href":"https:\/\/www.generaciontempore.com\/es\/wp-json\/wp\/v2\/pages\/11396\/revisions"}],"predecessor-version":[{"id":12299,"href":"https:\/\/www.generaciontempore.com\/es\/wp-json\/wp\/v2\/pages\/11396\/revisions\/12299"}],"wp:attachment":[{"href":"https:\/\/www.generaciontempore.com\/es\/wp-json\/wp\/v2\/media?parent=11396"}],"curies":[{"name":"wp","href":"https:\/\/api.w.org\/{rel}","templated":true}]}}